{"id":17,"date":"2020-10-28T11:46:33","date_gmt":"2020-10-28T11:46:33","guid":{"rendered":"https:\/\/xn--martatrigs-04a.live-website.com\/?page_id=17"},"modified":"2021-02-02T20:01:25","modified_gmt":"2021-02-02T19:01:25","slug":"casa-passivhaus-xc","status":"publish","type":"page","link":"https:\/\/martatrigas.com\/gl\/casa-passivhaus-xc\/","title":{"rendered":"Casa Passivhaus XC"},"content":{"rendered":"\t\t<div data-elementor-type=\"wp-page\" data-elementor-id=\"17\" class=\"elementor elementor-17\" data-elementor-post-type=\"page\">\n\t\t\t\t\t\t<div class=\"elementor-section elementor-top-section elementor-element elementor-element-5110828 elementor-section-full_width elementor-section-height-default elementor-section-height-default\" data-id=\"5110828\" data-element_type=\"section\" data-e-type=\"section\">\n\t\t\t\t\t\t<div class=\"elementor-container elementor-column-gap-default\">\n\t\t\t\t\t<div class=\"elementor-column elementor-col-100 elementor-top-column elementor-element elementor-element-06e7447\" data-id=\"06e7447\" data-element_type=\"column\" data-e-type=\"column\">\n\t\t\t<div class=\"elementor-widget-wrap elementor-element-populated\">\n\t\t\t\t\t\t<div class=\"elementor-element elementor-element-3e8e74d elementor-widget elementor-widget-post-navigation\" data-id=\"3e8e74d\" data-element_type=\"widget\" data-e-type=\"widget\" data-widget_type=\"post-navigation.default\">\n\t\t\t\t\t\t\t<div class=\"elementor-post-navigation\">\n\t\t\t<div class=\"elementor-post-navigation__prev elementor-post-navigation__link\">\n\t\t\t\t\t\t\t<\/div>\n\t\t\t\t\t\t<div class=\"elementor-post-navigation__next elementor-post-navigation__link\">\n\t\t\t\t<a href=\"https:\/\/martatrigas.com\/gl\/casa-passivhaus-ml\/\" rel=\"next\"><span class=\"elementor-post-navigation__link__next\"><span class=\"post-navigation__next--label\">Siguiente<\/span><span class=\"post-navigation__next--title\">Casa Passivhaus ML<\/span><\/span><span class=\"post-navigation__arrow-wrapper post-navigation__arrow-next\"><i class=\"fa fa-angle-right\" aria-hidden=\"true\"><\/i><span class=\"elementor-screen-only\">Next<\/span><\/span><\/a>\t\t\t<\/div>\n\t\t<\/div>\n\t\t\t\t\t\t<\/div>\n\t\t\t\t\t<\/div>\n\t\t<\/div>\n\t\t\t\t\t<\/div>\n\t\t<\/div>\n\t\t\t\t<section class=\"elementor-section elementor-top-section elementor-element elementor-element-b66c6d1 elementor-section-full_width elementor-section-content-middle elementor-reverse-mobile elementor-section-height-default elementor-section-height-default\" data-id=\"b66c6d1\" data-element_type=\"section\" data-e-type=\"section\">\n\t\t\t\t\t\t<div class=\"elementor-container elementor-column-gap-wider\">\n\t\t\t\t\t<div class=\"elementor-column elementor-col-50 elementor-top-column elementor-element elementor-element-91e6798\" data-id=\"91e6798\" data-element_type=\"column\" data-e-type=\"column\">\n\t\t\t<div class=\"elementor-widget-wrap elementor-element-populated\">\n\t\t\t\t\t\t<div class=\"elementor-element elementor-element-66f5893 elementor-widget elementor-widget-text-editor\" data-id=\"66f5893\" data-element_type=\"widget\" data-e-type=\"widget\" data-widget_type=\"text-editor.default\">\n\t\t\t\t\t\t\t\t\t<p>Casa Passivhaus XC<\/p>\t\t\t\t\t\t\t\t<\/div>\n\t\t\t\t<div class=\"elementor-element elementor-element-24ef4e0 elementor-widget elementor-widget-heading\" data-id=\"24ef4e0\" data-element_type=\"widget\" data-e-type=\"widget\" data-widget_type=\"heading.default\">\n\t\t\t\t\t<h2 class=\"elementor-heading-title elementor-size-default\">ESTE PROYECTO AHORRA<br>\n1.060,08 kgCO<sub>2<\/sub>\/a\u00f1o<\/h2>\t\t\t\t<\/div>\n\t\t\t\t<div class=\"elementor-element elementor-element-1306834 elementor-widget elementor-widget-text-editor\" data-id=\"1306834\" data-element_type=\"widget\" data-e-type=\"widget\" data-widget_type=\"text-editor.default\">\n\t\t\t\t\t\t\t\t\t<p><small><b>CERTIFICACI\u00d3N<\/b><br \/>Passivhaus Classic<br \/><b>DEMANDA DE CALEFACCI\u00d3N<br \/><\/b>11,6 kwh\/m<sup>2<\/sup>a<br \/><b>DEMANDA DE REFRIGERACI\u00d3N<br \/><\/b>14,3 kwh\/m<sup>2<\/sup>a<br \/><b>DEMANDA DE ENERG\u00cdA PRIMARIA<br \/><\/b>71 kwh\/m<sup>2<\/sup>a<br \/><b>HERMETICIDAD DEL AIRE<\/b><br \/>0,4 renovaciones\/h&lt;\/sm<\/small><\/p>\t\t\t\t\t\t\t\t<\/div>\n\t\t\t\t<div class=\"elementor-element elementor-element-99884f5 elementor-widget elementor-widget-text-editor\" data-id=\"99884f5\" data-element_type=\"widget\" data-e-type=\"widget\" data-widget_type=\"text-editor.default\">\n\t\t\t\t\t\t\t\t\t<p>El edificio se dise\u00f1a en L para buscar la mayor longitud de fachada orientada a Sur y para dejar el m\u00e1ximo espacio exterior de jard\u00edn. La casa se distribuye en dos plantas y un s\u00f3tano, orientando los espacios vivideros a la fachada principal orientada hacia el sur y los dormitorios hacia Este y Oeste. Se proyecta la fachada Sur con grandes ventanas para aprovechar las ganancias t\u00e9rmicas durante el invierno y se protegen mediante una p\u00e9rgola y persianas exteriores tipo screen para evitar la captaci\u00f3n en verano.<\/p><p>Gracias a su envolvente dise\u00f1ada seg\u00fan los requisitos Passivhaus, se consigue un bajo consumo energ\u00e9tico y un gran confort en el espacio interior con el sistema prefabricado EVO de Evowall, <b>paneles prefabricados de hormig\u00f3n aligerado<\/b> que incorporan la estructura de acero, las instalaciones, aislamientos y acabados.<\/p><p>La calefacci\u00f3n y la refrigeraci\u00f3n se suministran a trav\u00e9s del aire de la ventilaci\u00f3n mec\u00e1nica con recuperaci\u00f3n de calor de alta eficiencia. La vivienda estar\u00e1 domotizada para conseguir la m\u00e1xima eficiencia energ\u00e9tica.<\/p><p><b>ACTORES<\/b><br \/>Arquitectura: Energiehaus Arquitectos<br \/>Construcci\u00f3n: Evowall<\/p>\t\t\t\t\t\t\t\t<\/div>\n\t\t\t\t\t<\/div>\n\t\t<\/div>\n\t\t\t\t<div class=\"elementor-column elementor-col-50 elementor-top-column elementor-element elementor-element-bc42ac2\" data-id=\"bc42ac2\" data-element_type=\"column\" data-e-type=\"column\">\n\t\t\t<div class=\"elementor-widget-wrap elementor-element-populated\">\n\t\t\t\t\t\t<div class=\"elementor-element elementor-element-aa92dda sticky-pic elementor-arrows-position-inside elementor-widget elementor-widget-image-carousel\" data-id=\"aa92dda\" data-element_type=\"widget\" data-e-type=\"widget\" data-settings=\"{&quot;slides_to_show&quot;:&quot;1&quot;,&quot;navigation&quot;:&quot;arrows&quot;,&quot;sticky&quot;:&quot;top&quot;,&quot;sticky_parent&quot;:&quot;yes&quot;,&quot;sticky_offset&quot;:150,&quot;sticky_effects_offset&quot;:999,&quot;sticky_on&quot;:[&quot;desktop&quot;,&quot;tablet&quot;],&quot;autoplay&quot;:&quot;yes&quot;,&quot;pause_on_hover&quot;:&quot;yes&quot;,&quot;pause_on_interaction&quot;:&quot;yes&quot;,&quot;autoplay_speed&quot;:5000,&quot;infinite&quot;:&quot;yes&quot;,&quot;effect&quot;:&quot;slide&quot;,&quot;speed&quot;:500,&quot;sticky_anchor_link_offset&quot;:0}\" data-widget_type=\"image-carousel.default\">\n\t\t\t\t\t\t\t<div class=\"elementor-image-carousel-wrapper swiper\" role=\"region\" aria-roledescription=\"carousel\" aria-label=\"Carrusel de imaxes\" dir=\"ltr\">\n\t\t\t<div class=\"elementor-image-carousel swiper-wrapper\" aria-live=\"off\">\n\t\t\t\t\t\t\t\t<div class=\"swiper-slide\" role=\"group\" aria-roledescription=\"slide\" aria-label=\"1 de 3\"><figure class=\"swiper-slide-inner\"><img decoding=\"async\" class=\"swiper-slide-image\" src=\"https:\/\/martatrigas.com\/wp-content\/uploads\/2020\/11\/Sant-Boi-1.jpg\" alt=\"Casa Passivhaus XC\" \/><\/figure><\/div><div class=\"swiper-slide\" role=\"group\" aria-roledescription=\"slide\" aria-label=\"2 de 3\"><figure class=\"swiper-slide-inner\"><img decoding=\"async\" class=\"swiper-slide-image\" src=\"https:\/\/martatrigas.com\/wp-content\/uploads\/2020\/11\/Sant-Boi-2.jpg\" alt=\"Casa Passivhaus XC\" \/><\/figure><\/div><div class=\"swiper-slide\" role=\"group\" aria-roledescription=\"slide\" aria-label=\"3 de 3\"><figure class=\"swiper-slide-inner\"><img decoding=\"async\" class=\"swiper-slide-image\" src=\"https:\/\/martatrigas.com\/wp-content\/uploads\/2020\/11\/Sant-Boi-3.jpg\" alt=\"Casa Passivhaus XC\" \/><\/figure><\/div>\t\t\t<\/div>\n\t\t\t\t\t\t\t\t\t\t\t\t<div class=\"elementor-swiper-button elementor-swiper-button-prev\" role=\"button\" tabindex=\"0\">\n\t\t\t\t\t\t<i aria-hidden=\"true\" class=\"eicon-chevron-left\"><\/i>\t\t\t\t\t<\/div>\n\t\t\t\t\t<div class=\"elementor-swiper-button elementor-swiper-button-next\" role=\"button\" tabindex=\"0\">\n\t\t\t\t\t\t<i aria-hidden=\"true\" class=\"eicon-chevron-right\"><\/i>\t\t\t\t\t<\/div>\n\t\t\t\t\n\t\t\t\t\t\t\t\t\t<\/div>\n\t\t\t\t\t\t<\/div>\n\t\t\t\t\t<\/div>\n\t\t<\/div>\n\t\t\t\t\t<\/div>\n\t\t<\/section>\n\t\t\t\t<\/div>\n\t\t","protected":false},"excerpt":{"rendered":"<p>Casa Passivhaus XC ESTE PROYECTO AHORRA 1.060,08 kgCO2\/a\u00f1o CERTIFICACI\u00d3NPassivhaus ClassicDEMANDA DE CALEFACCI\u00d3N11,6 kwh\/m2aDEMANDA DE REFRIGERACI\u00d3N14,3 kwh\/m2aDEMANDA DE ENERG\u00cdA PRIMARIA71 kwh\/m2aHERMETICIDAD DEL AIRE0,4 renovaciones\/h&lt;\/sm El edificio se dise\u00f1a en L para buscar la mayor longitud de fachada orientada a Sur y para dejar el m\u00e1ximo espacio exterior de jard\u00edn. La casa se distribuye en dos plantas [&hellip;]<\/p>\n","protected":false},"author":1,"featured_media":2065,"parent":0,"menu_order":0,"comment_status":"closed","ping_status":"closed","template":"elementor_header_footer","meta":{"_acf_changed":false,"inline_featured_image":false,"ocean_post_layout":"","ocean_both_sidebars_style":"","ocean_both_sidebars_content_width":0,"ocean_both_sidebars_sidebars_width":0,"ocean_sidebar":"0","ocean_second_sidebar":"0","ocean_disable_margins":"enable","ocean_add_body_class":"","ocean_shortcode_before_top_bar":"","ocean_shortcode_after_top_bar":"","ocean_shortcode_before_header":"","ocean_shortcode_after_header":"","ocean_has_shortcode":"","ocean_shortcode_after_title":"","ocean_shortcode_before_footer_widgets":"","ocean_shortcode_after_footer_widgets":"","ocean_shortcode_before_footer_bottom":"","ocean_shortcode_after_footer_bottom":"","ocean_display_top_bar":"default","ocean_display_header":"default","ocean_header_style":"","ocean_center_header_left_menu":"0","ocean_custom_header_template":"0","ocean_custom_logo":0,"ocean_custom_retina_logo":0,"ocean_custom_logo_max_width":0,"ocean_custom_logo_tablet_max_width":0,"ocean_custom_logo_mobile_max_width":0,"ocean_custom_logo_max_height":0,"ocean_custom_logo_tablet_max_height":0,"ocean_custom_logo_mobile_max_height":0,"ocean_header_custom_menu":"0","ocean_menu_typo_font_family":"0","ocean_menu_typo_font_subset":"","ocean_menu_typo_font_size":0,"ocean_menu_typo_font_size_tablet":0,"ocean_menu_typo_font_size_mobile":0,"ocean_menu_typo_font_size_unit":"px","ocean_menu_typo_font_weight":"","ocean_menu_typo_font_weight_tablet":"","ocean_menu_typo_font_weight_mobile":"","ocean_menu_typo_transform":"","ocean_menu_typo_transform_tablet":"","ocean_menu_typo_transform_mobile":"","ocean_menu_typo_line_height":0,"ocean_menu_typo_line_height_tablet":0,"ocean_menu_typo_line_height_mobile":0,"ocean_menu_typo_line_height_unit":"","ocean_menu_typo_spacing":0,"ocean_menu_typo_spacing_tablet":0,"ocean_menu_typo_spacing_mobile":0,"ocean_menu_typo_spacing_unit":"","ocean_menu_link_color":"","ocean_menu_link_color_hover":"","ocean_menu_link_color_active":"","ocean_menu_link_background":"","ocean_menu_link_hover_background":"","ocean_menu_link_active_background":"","ocean_menu_social_links_bg":"","ocean_menu_social_hover_links_bg":"","ocean_menu_social_links_color":"","ocean_menu_social_hover_links_color":"","ocean_disable_title":"default","ocean_disable_heading":"default","ocean_post_title":"","ocean_post_subheading":"","ocean_post_title_style":"","ocean_post_title_background_color":"","ocean_post_title_background":0,"ocean_post_title_bg_image_position":"","ocean_post_title_bg_image_attachment":"","ocean_post_title_bg_image_repeat":"","ocean_post_title_bg_image_size":"","ocean_post_title_height":0,"ocean_post_title_bg_overlay":0.5,"ocean_post_title_bg_overlay_color":"","ocean_disable_breadcrumbs":"default","ocean_breadcrumbs_color":"","ocean_breadcrumbs_separator_color":"","ocean_breadcrumbs_links_color":"","ocean_breadcrumbs_links_hover_color":"","ocean_display_footer_widgets":"default","ocean_display_footer_bottom":"default","ocean_custom_footer_template":"0","footnotes":""},"class_list":["post-17","page","type-page","status-publish","has-post-thumbnail","hentry","entry","has-media"],"acf":[],"yoast_head":"<!-- This site is optimized with the Yoast SEO plugin v27.5 - https:\/\/yoast.com\/product\/yoast-seo-wordpress\/ -->\n<title>Casa Passivhaus XC - MARTA TRIGAS<\/title>\n<meta name=\"description\" content=\"Soy Marta, arquitecta, Passivhaus designer y vivo en A Coru\u00f1a. Si quieres el m\u00e1ximo confort y el menor consumo energ\u00e9tico para tu vivienda entra a ver mis proyectos\" \/>\n<meta name=\"robots\" content=\"index, follow, max-snippet:-1, max-image-preview:large, max-video-preview:-1\" \/>\n<link rel=\"canonical\" href=\"https:\/\/martatrigas.com\/gl\/casa-passivhaus-xc\/\" \/>\n<meta property=\"og:locale\" content=\"gl_ES\" \/>\n<meta property=\"og:type\" content=\"article\" \/>\n<meta property=\"og:title\" content=\"Casa Passivhaus XC - MARTA TRIGAS\" \/>\n<meta property=\"og:description\" content=\"Soy Marta, arquitecta, Passivhaus designer y vivo en A Coru\u00f1a. Si quieres el m\u00e1ximo confort y el menor consumo energ\u00e9tico para tu vivienda entra a ver mis proyectos\" \/>\n<meta property=\"og:url\" content=\"https:\/\/martatrigas.com\/gl\/casa-passivhaus-xc\/\" \/>\n<meta property=\"og:site_name\" content=\"MARTA TRIGAS\" \/>\n<meta property=\"article:modified_time\" content=\"2021-02-02T19:01:25+00:00\" \/>\n<meta property=\"og:image\" content=\"https:\/\/martatrigas.com\/wp-content\/uploads\/2020\/11\/Sant-Boi-3.jpg\" \/>\n\t<meta property=\"og:image:width\" content=\"2000\" \/>\n\t<meta property=\"og:image:height\" content=\"1149\" \/>\n\t<meta property=\"og:image:type\" content=\"image\/jpeg\" \/>\n<meta name=\"twitter:card\" content=\"summary_large_image\" \/>\n<meta name=\"twitter:label1\" content=\"Tempo de lectura\" \/>\n\t<meta name=\"twitter:data1\" content=\"3 minutos\" \/>\n<script type=\"application\/ld+json\" class=\"yoast-schema-graph\">{\"@context\":\"https:\\\/\\\/schema.org\",\"@graph\":[{\"@type\":\"WebPage\",\"@id\":\"https:\\\/\\\/martatrigas.com\\\/casa-passivhaus-xc\\\/\",\"url\":\"https:\\\/\\\/martatrigas.com\\\/casa-passivhaus-xc\\\/\",\"name\":\"Casa Passivhaus XC - MARTA TRIGAS\",\"isPartOf\":{\"@id\":\"https:\\\/\\\/martatrigas.com\\\/#website\"},\"primaryImageOfPage\":{\"@id\":\"https:\\\/\\\/martatrigas.com\\\/casa-passivhaus-xc\\\/#primaryimage\"},\"image\":{\"@id\":\"https:\\\/\\\/martatrigas.com\\\/casa-passivhaus-xc\\\/#primaryimage\"},\"thumbnailUrl\":\"https:\\\/\\\/martatrigas.com\\\/wp-content\\\/uploads\\\/2020\\\/11\\\/Sant-Boi-3.jpg\",\"datePublished\":\"2020-10-28T11:46:33+00:00\",\"dateModified\":\"2021-02-02T19:01:25+00:00\",\"description\":\"Soy Marta, arquitecta, Passivhaus designer y vivo en A Coru\u00f1a. Si quieres el m\u00e1ximo confort y el menor consumo energ\u00e9tico para tu vivienda entra a ver mis proyectos\",\"breadcrumb\":{\"@id\":\"https:\\\/\\\/martatrigas.com\\\/casa-passivhaus-xc\\\/#breadcrumb\"},\"inLanguage\":\"gl-ES\",\"potentialAction\":[{\"@type\":\"ReadAction\",\"target\":[\"https:\\\/\\\/martatrigas.com\\\/casa-passivhaus-xc\\\/\"]}]},{\"@type\":\"ImageObject\",\"inLanguage\":\"gl-ES\",\"@id\":\"https:\\\/\\\/martatrigas.com\\\/casa-passivhaus-xc\\\/#primaryimage\",\"url\":\"https:\\\/\\\/martatrigas.com\\\/wp-content\\\/uploads\\\/2020\\\/11\\\/Sant-Boi-3.jpg\",\"contentUrl\":\"https:\\\/\\\/martatrigas.com\\\/wp-content\\\/uploads\\\/2020\\\/11\\\/Sant-Boi-3.jpg\",\"width\":2000,\"height\":1149,\"caption\":\"Casa Passivhaus XC\"},{\"@type\":\"BreadcrumbList\",\"@id\":\"https:\\\/\\\/martatrigas.com\\\/casa-passivhaus-xc\\\/#breadcrumb\",\"itemListElement\":[{\"@type\":\"ListItem\",\"position\":1,\"name\":\"Portada\",\"item\":\"https:\\\/\\\/martatrigas.com\\\/\"},{\"@type\":\"ListItem\",\"position\":2,\"name\":\"Casa Passivhaus XC\"}]},{\"@type\":\"WebSite\",\"@id\":\"https:\\\/\\\/martatrigas.com\\\/#website\",\"url\":\"https:\\\/\\\/martatrigas.com\\\/\",\"name\":\"MARTA TRIGAS\",\"description\":\"Tu casa cuida de ti\",\"publisher\":{\"@id\":\"https:\\\/\\\/martatrigas.com\\\/#organization\"},\"potentialAction\":[{\"@type\":\"SearchAction\",\"target\":{\"@type\":\"EntryPoint\",\"urlTemplate\":\"https:\\\/\\\/martatrigas.com\\\/?s={search_term_string}\"},\"query-input\":{\"@type\":\"PropertyValueSpecification\",\"valueRequired\":true,\"valueName\":\"search_term_string\"}}],\"inLanguage\":\"gl-ES\"},{\"@type\":\"Organization\",\"@id\":\"https:\\\/\\\/martatrigas.com\\\/#organization\",\"name\":\"MARTA TRIGAS\",\"url\":\"https:\\\/\\\/martatrigas.com\\\/\",\"logo\":{\"@type\":\"ImageObject\",\"inLanguage\":\"gl-ES\",\"@id\":\"https:\\\/\\\/martatrigas.com\\\/#\\\/schema\\\/logo\\\/image\\\/\",\"url\":\"https:\\\/\\\/martatrigas.com\\\/wp-content\\\/uploads\\\/2025\\\/04\\\/marta-trigas-svg-white-02.svg\",\"contentUrl\":\"https:\\\/\\\/martatrigas.com\\\/wp-content\\\/uploads\\\/2025\\\/04\\\/marta-trigas-svg-white-02.svg\",\"width\":547,\"height\":143,\"caption\":\"MARTA TRIGAS\"},\"image\":{\"@id\":\"https:\\\/\\\/martatrigas.com\\\/#\\\/schema\\\/logo\\\/image\\\/\"}}]}<\/script>\n<!-- \/ Yoast SEO plugin. -->","yoast_head_json":{"title":"Casa Passivhaus XC - MARTA TRIGAS","description":"Eu son Marta, un arquitecto, Passivhaus dese\u00f1o e eu vivo na Coru\u00f1a. Se quere o m\u00e1ximo de confort e o menor consumo de enerx\u00eda para a s\u00faa casa \u00e9 para ver os meus proxectos","robots":{"index":"index","follow":"follow","max-snippet":"max-snippet:-1","max-image-preview":"max-image-preview:large","max-video-preview":"max-video-preview:-1"},"canonical":"https:\/\/martatrigas.com\/gl\/casa-passivhaus-xc\/","og_locale":"gl_ES","og_type":"article","og_title":"Casa Passivhaus XC - MARTA TRIGAS","og_description":"Soy Marta, arquitecta, Passivhaus designer y vivo en A Coru\u00f1a. Si quieres el m\u00e1ximo confort y el menor consumo energ\u00e9tico para tu vivienda entra a ver mis proyectos","og_url":"https:\/\/martatrigas.com\/gl\/casa-passivhaus-xc\/","og_site_name":"MARTA TRIGAS","article_modified_time":"2021-02-02T19:01:25+00:00","og_image":[{"width":2000,"height":1149,"url":"https:\/\/martatrigas.com\/wp-content\/uploads\/2020\/11\/Sant-Boi-3.jpg","type":"image\/jpeg"}],"twitter_card":"summary_large_image","twitter_misc":{"Tempo de lectura":"3 minutos"},"schema":{"@context":"https:\/\/schema.org","@graph":[{"@type":"WebPage","@id":"https:\/\/martatrigas.com\/casa-passivhaus-xc\/","url":"https:\/\/martatrigas.com\/casa-passivhaus-xc\/","name":"Casa Passivhaus XC - MARTA TRIGAS","isPartOf":{"@id":"https:\/\/martatrigas.com\/#website"},"primaryImageOfPage":{"@id":"https:\/\/martatrigas.com\/casa-passivhaus-xc\/#primaryimage"},"image":{"@id":"https:\/\/martatrigas.com\/casa-passivhaus-xc\/#primaryimage"},"thumbnailUrl":"https:\/\/martatrigas.com\/wp-content\/uploads\/2020\/11\/Sant-Boi-3.jpg","datePublished":"2020-10-28T11:46:33+00:00","dateModified":"2021-02-02T19:01:25+00:00","description":"Eu son Marta, un arquitecto, Passivhaus dese\u00f1o e eu vivo na Coru\u00f1a. Se quere o m\u00e1ximo de confort e o menor consumo de enerx\u00eda para a s\u00faa casa \u00e9 para ver os meus proxectos","breadcrumb":{"@id":"https:\/\/martatrigas.com\/casa-passivhaus-xc\/#breadcrumb"},"inLanguage":"gl-ES","potentialAction":[{"@type":"ReadAction","target":["https:\/\/martatrigas.com\/casa-passivhaus-xc\/"]}]},{"@type":"ImageObject","inLanguage":"gl-ES","@id":"https:\/\/martatrigas.com\/casa-passivhaus-xc\/#primaryimage","url":"https:\/\/martatrigas.com\/wp-content\/uploads\/2020\/11\/Sant-Boi-3.jpg","contentUrl":"https:\/\/martatrigas.com\/wp-content\/uploads\/2020\/11\/Sant-Boi-3.jpg","width":2000,"height":1149,"caption":"Casa Passivhaus XC"},{"@type":"BreadcrumbList","@id":"https:\/\/martatrigas.com\/casa-passivhaus-xc\/#breadcrumb","itemListElement":[{"@type":"ListItem","position":1,"name":"Portada","item":"https:\/\/martatrigas.com\/"},{"@type":"ListItem","position":2,"name":"Casa Passivhaus XC"}]},{"@type":"WebSite","@id":"https:\/\/martatrigas.com\/#website","url":"https:\/\/martatrigas.com\/","name":"MARTA TRIGAS","description":"A s\u00faa casa coida de ti","publisher":{"@id":"https:\/\/martatrigas.com\/#organization"},"potentialAction":[{"@type":"SearchAction","target":{"@type":"EntryPoint","urlTemplate":"https:\/\/martatrigas.com\/?s={search_term_string}"},"query-input":{"@type":"PropertyValueSpecification","valueRequired":true,"valueName":"search_term_string"}}],"inLanguage":"gl-ES"},{"@type":"Organization","@id":"https:\/\/martatrigas.com\/#organization","name":"MARTA TRIGAS","url":"https:\/\/martatrigas.com\/","logo":{"@type":"ImageObject","inLanguage":"gl-ES","@id":"https:\/\/martatrigas.com\/#\/schema\/logo\/image\/","url":"https:\/\/martatrigas.com\/wp-content\/uploads\/2025\/04\/marta-trigas-svg-white-02.svg","contentUrl":"https:\/\/martatrigas.com\/wp-content\/uploads\/2025\/04\/marta-trigas-svg-white-02.svg","width":547,"height":143,"caption":"MARTA TRIGAS"},"image":{"@id":"https:\/\/martatrigas.com\/#\/schema\/logo\/image\/"}}]}},"_links":{"self":[{"href":"https:\/\/martatrigas.com\/gl\/wp-json\/wp\/v2\/pages\/17","targetHints":{"allow":["GET"]}}],"collection":[{"href":"https:\/\/martatrigas.com\/gl\/wp-json\/wp\/v2\/pages"}],"about":[{"href":"https:\/\/martatrigas.com\/gl\/wp-json\/wp\/v2\/types\/page"}],"author":[{"embeddable":true,"href":"https:\/\/martatrigas.com\/gl\/wp-json\/wp\/v2\/users\/1"}],"replies":[{"embeddable":true,"href":"https:\/\/martatrigas.com\/gl\/wp-json\/wp\/v2\/comments?post=17"}],"version-history":[{"count":184,"href":"https:\/\/martatrigas.com\/gl\/wp-json\/wp\/v2\/pages\/17\/revisions"}],"predecessor-version":[{"id":3093,"href":"https:\/\/martatrigas.com\/gl\/wp-json\/wp\/v2\/pages\/17\/revisions\/3093"}],"wp:featuredmedia":[{"embeddable":true,"href":"https:\/\/martatrigas.com\/gl\/wp-json\/wp\/v2\/media\/2065"}],"wp:attachment":[{"href":"https:\/\/martatrigas.com\/gl\/wp-json\/wp\/v2\/media?parent=17"}],"curies":[{"name":"wp","href":"https:\/\/api.w.org\/{rel}","templated":true}]}}