{"id":2486,"date":"2021-01-11T14:47:20","date_gmt":"2021-01-11T13:47:20","guid":{"rendered":"https:\/\/martatrigas.com\/?page_id=2486"},"modified":"2021-02-02T20:05:41","modified_gmt":"2021-02-02T19:05:41","slug":"casa-passivhaus-ml-gl","status":"publish","type":"page","link":"https:\/\/martatrigas.com\/gl\/casa-passivhaus-ml-gl\/","title":{"rendered":"Casa Passivhaus ML"},"content":{"rendered":"\t\t<div data-elementor-type=\"wp-page\" data-elementor-id=\"2486\" class=\"elementor elementor-2486\" data-elementor-post-type=\"page\">\n\t\t\t\t\t\t<div class=\"elementor-section elementor-top-section elementor-element elementor-element-a6377a8 elementor-section-full_width elementor-section-height-default elementor-section-height-default\" data-id=\"a6377a8\" data-element_type=\"section\" data-e-type=\"section\">\n\t\t\t\t\t\t<div class=\"elementor-container elementor-column-gap-default\">\n\t\t\t\t\t<div class=\"elementor-column elementor-col-100 elementor-top-column elementor-element elementor-element-1155046\" data-id=\"1155046\" data-element_type=\"column\" data-e-type=\"column\">\n\t\t\t<div class=\"elementor-widget-wrap elementor-element-populated\">\n\t\t\t\t\t\t<div class=\"elementor-element elementor-element-3a78c71 elementor-widget elementor-widget-post-navigation\" data-id=\"3a78c71\" data-element_type=\"widget\" data-e-type=\"widget\" data-widget_type=\"post-navigation.default\">\n\t\t\t\t\t\t\t<div class=\"elementor-post-navigation\">\n\t\t\t<div class=\"elementor-post-navigation__prev elementor-post-navigation__link\">\n\t\t\t\t<a href=\"https:\/\/martatrigas.com\/gl\/casa-passivhaus-xc-gl\/\" rel=\"prev\"><span class=\"post-navigation__arrow-wrapper post-navigation__arrow-prev\"><i class=\"fa fa-angle-left\" aria-hidden=\"true\"><\/i><span class=\"elementor-screen-only\">Prev<\/span><\/span><span class=\"elementor-post-navigation__link__prev\"><span class=\"post-navigation__prev--label\">Anterior<\/span><span class=\"post-navigation__prev--title\">Casa Passivhaus XC<\/span><\/span><\/a>\t\t\t<\/div>\n\t\t\t\t\t\t<div class=\"elementor-post-navigation__next elementor-post-navigation__link\">\n\t\t\t\t<a href=\"https:\/\/martatrigas.com\/gl\/concursos-gl\/\" rel=\"next\"><span class=\"elementor-post-navigation__link__next\"><span class=\"post-navigation__next--label\">Seguinte<\/span><span class=\"post-navigation__next--title\">Concursos<\/span><\/span><span class=\"post-navigation__arrow-wrapper post-navigation__arrow-next\"><i class=\"fa fa-angle-right\" aria-hidden=\"true\"><\/i><span class=\"elementor-screen-only\">Next<\/span><\/span><\/a>\t\t\t<\/div>\n\t\t<\/div>\n\t\t\t\t\t\t<\/div>\n\t\t\t\t\t<\/div>\n\t\t<\/div>\n\t\t\t\t\t<\/div>\n\t\t<\/div>\n\t\t\t\t<section class=\"elementor-section elementor-top-section elementor-element elementor-element-1141cb8 elementor-section-full_width elementor-section-content-middle elementor-reverse-mobile elementor-section-height-default elementor-section-height-default\" data-id=\"1141cb8\" data-element_type=\"section\" data-e-type=\"section\">\n\t\t\t\t\t\t<div class=\"elementor-container elementor-column-gap-wider\">\n\t\t\t\t\t<div class=\"elementor-column elementor-col-50 elementor-top-column elementor-element elementor-element-0817b21\" data-id=\"0817b21\" data-element_type=\"column\" data-e-type=\"column\">\n\t\t\t<div class=\"elementor-widget-wrap elementor-element-populated\">\n\t\t\t\t\t\t<div class=\"elementor-element elementor-element-099a95f elementor-widget elementor-widget-text-editor\" data-id=\"099a95f\" data-element_type=\"widget\" data-e-type=\"widget\" data-widget_type=\"text-editor.default\">\n\t\t\t\t\t\t\t\t\t<p>Casa Passivhaus ML<\/p>\t\t\t\t\t\t\t\t<\/div>\n\t\t\t\t<div class=\"elementor-element elementor-element-0fed782 elementor-widget elementor-widget-heading\" data-id=\"0fed782\" data-element_type=\"widget\" data-e-type=\"widget\" data-widget_type=\"heading.default\">\n\t\t\t\t\t<h2 class=\"elementor-heading-title elementor-size-default\">ESTE PROXECTO AFORRA<br>\n1.306,56 kgCO<sub>2<\/sub>\/ano<\/h2>\t\t\t\t<\/div>\n\t\t\t\t<div class=\"elementor-element elementor-element-d1f7198 elementor-widget elementor-widget-text-editor\" data-id=\"d1f7198\" data-element_type=\"widget\" data-e-type=\"widget\" data-widget_type=\"text-editor.default\">\n\t\t\t\t\t\t\t\t\t<p><small><b>CERTIFICACI\u00d3N<\/b><\/small><br \/><small>Passivhaus Classic<br \/><b>DEMANDA DE CALEFACCI\u00d3N<\/b><\/small><br \/><small>13,98 kwh\/m2a<br \/><b>DEMANDA DE REFRIXERACI\u00d3N<\/b><\/small><br \/><small>12,49 kwh\/m2a<br \/><b>DEMANDA DE ENERX\u00cdA PRIMARIA<\/b><\/small><br \/><small>98,19 kwh\/m2a<br \/><b>HERMETICIDADE DO AIRE<\/b><\/small><br \/><small>0,4 renovaci\u00f3ns\/h<\/small><\/p>\t\t\t\t\t\t\t\t<\/div>\n\t\t\t\t<div class=\"elementor-element elementor-element-5f75276 elementor-widget elementor-widget-text-editor\" data-id=\"5f75276\" data-element_type=\"widget\" data-e-type=\"widget\" data-widget_type=\"text-editor.default\">\n\t\t\t\t\t\t\t\t\t<p>O edificio enc\u00e1ixase na topograf\u00eda da parcela distribu\u00edndose en d\u00faas plantas e un soto. Ten d\u00faas orientaci\u00f3ns principais, cara ao Sur para aproveitar as ganancias t\u00e9rmicas do sol e cara ao Leste para aproveitar as vistas da contorna. A protecci\u00f3n solar nesta casa res\u00f3lvese mediante persianas exteriores de lamas orientables.<\/p>\n<p>B\u00fascase unha combinaci\u00f3n de materiais de baixo impacto ambiental, constru\u00edda con&nbsp;estrutura de CLT&nbsp;con revestimento exterior de&nbsp;SATE combinado con fachada ventilada de madeira. Grazas \u00e1 s\u00faa envolvente dese\u00f1ada segundo os requisitos Passivhaus, cons\u00e9guese un baixo consumo enerx\u00e9tico e un gran confort no espazo interior.<\/p>\n<p>A calefacci\u00f3n e a refrixeraci\u00f3n est\u00e1n fornecidas mediante radiadores de baixa temperatura combinadas coa ventilaci\u00f3n mec\u00e1nica con recuperaci\u00f3n de calor de alta eficiencia.<\/p>\n<p><strong>ACTORES<\/strong><br>Arquitectura: Energiehaus Arquitectos<br>Construci\u00f3n: Papik Fusters<\/p>\t\t\t\t\t\t\t\t<\/div>\n\t\t\t\t\t<\/div>\n\t\t<\/div>\n\t\t\t\t<div class=\"elementor-column elementor-col-50 elementor-top-column elementor-element elementor-element-5269a9d\" data-id=\"5269a9d\" data-element_type=\"column\" data-e-type=\"column\">\n\t\t\t<div class=\"elementor-widget-wrap elementor-element-populated\">\n\t\t\t\t\t\t<div class=\"elementor-element elementor-element-736dccf sticky-pic elementor-arrows-position-inside elementor-widget elementor-widget-image-carousel\" data-id=\"736dccf\" data-element_type=\"widget\" data-e-type=\"widget\" data-settings=\"{&quot;slides_to_show&quot;:&quot;1&quot;,&quot;navigation&quot;:&quot;arrows&quot;,&quot;sticky&quot;:&quot;top&quot;,&quot;sticky_parent&quot;:&quot;yes&quot;,&quot;sticky_offset&quot;:150,&quot;sticky_effects_offset&quot;:999,&quot;sticky_on&quot;:[&quot;desktop&quot;,&quot;tablet&quot;],&quot;autoplay&quot;:&quot;yes&quot;,&quot;pause_on_hover&quot;:&quot;yes&quot;,&quot;pause_on_interaction&quot;:&quot;yes&quot;,&quot;autoplay_speed&quot;:5000,&quot;infinite&quot;:&quot;yes&quot;,&quot;effect&quot;:&quot;slide&quot;,&quot;speed&quot;:500,&quot;sticky_anchor_link_offset&quot;:0}\" data-widget_type=\"image-carousel.default\">\n\t\t\t\t\t\t\t<div class=\"elementor-image-carousel-wrapper swiper\" role=\"region\" aria-roledescription=\"carousel\" aria-label=\"Carrusel de im\u00e1genes\" dir=\"ltr\">\n\t\t\t<div class=\"elementor-image-carousel swiper-wrapper\" aria-live=\"off\">\n\t\t\t\t\t\t\t\t<div class=\"swiper-slide\" role=\"group\" aria-roledescription=\"slide\" aria-label=\"1 de 3\"><figure class=\"swiper-slide-inner\"><img decoding=\"async\" class=\"swiper-slide-image\" src=\"https:\/\/martatrigas.com\/wp-content\/uploads\/2020\/11\/Matadepera-1.jpg\" alt=\"Casa Passivhaus ML\" \/><\/figure><\/div><div class=\"swiper-slide\" role=\"group\" aria-roledescription=\"slide\" aria-label=\"2 de 3\"><figure class=\"swiper-slide-inner\"><img decoding=\"async\" class=\"swiper-slide-image\" src=\"https:\/\/martatrigas.com\/wp-content\/uploads\/2020\/11\/Matadepera-2.jpg\" alt=\"Casa Passivhaus ML\" \/><\/figure><\/div><div class=\"swiper-slide\" role=\"group\" aria-roledescription=\"slide\" aria-label=\"3 de 3\"><figure class=\"swiper-slide-inner\"><img decoding=\"async\" class=\"swiper-slide-image\" src=\"https:\/\/martatrigas.com\/wp-content\/uploads\/2020\/11\/Matadepera-3.jpg\" alt=\"Casa Passivhaus ML\" \/><\/figure><\/div>\t\t\t<\/div>\n\t\t\t\t\t\t\t\t\t\t\t\t<div class=\"elementor-swiper-button elementor-swiper-button-prev\" role=\"button\" tabindex=\"0\">\n\t\t\t\t\t\t<i aria-hidden=\"true\" class=\"eicon-chevron-left\"><\/i>\t\t\t\t\t<\/div>\n\t\t\t\t\t<div class=\"elementor-swiper-button elementor-swiper-button-next\" role=\"button\" tabindex=\"0\">\n\t\t\t\t\t\t<i aria-hidden=\"true\" class=\"eicon-chevron-right\"><\/i>\t\t\t\t\t<\/div>\n\t\t\t\t\n\t\t\t\t\t\t\t\t\t<\/div>\n\t\t\t\t\t\t<\/div>\n\t\t\t\t\t<\/div>\n\t\t<\/div>\n\t\t\t\t\t<\/div>\n\t\t<\/section>\n\t\t\t\t<\/div>\n\t\t","protected":false},"excerpt":{"rendered":"<p>Casa Passivhaus ML ESTE PROXECTO AFORRA 1.306,56 kgCO2\/ano CERTIFICACI\u00d3NPassivhaus ClassicDEMANDA DE CALEFACCI\u00d3N13,98 kwh\/m2aDEMANDA DE REFRIXERACI\u00d3N12,49 kwh\/m2aDEMANDA DE ENERX\u00cdA PRIMARIA98,19 kwh\/m2aHERMETICIDADE DO AIRE0,4 renovaci\u00f3ns\/h O edificio enc\u00e1ixase na topograf\u00eda da parcela distribu\u00edndose en d\u00faas plantas e un soto. Ten d\u00faas orientaci\u00f3ns principais, cara ao Sur para aproveitar as ganancias t\u00e9rmicas do sol e cara ao Leste [&hellip;]<\/p>\n","protected":false},"author":1,"featured_media":2072,"parent":0,"menu_order":0,"comment_status":"closed","ping_status":"closed","template":"elementor_header_footer","meta":{"_acf_changed":false,"inline_featured_image":false,"ocean_post_layout":"","ocean_both_sidebars_style":"","ocean_both_sidebars_content_width":0,"ocean_both_sidebars_sidebars_width":0,"ocean_sidebar":"0","ocean_second_sidebar":"0","ocean_disable_margins":"enable","ocean_add_body_class":"","ocean_shortcode_before_top_bar":"","ocean_shortcode_after_top_bar":"","ocean_shortcode_before_header":"","ocean_shortcode_after_header":"","ocean_has_shortcode":"","ocean_shortcode_after_title":"","ocean_shortcode_before_footer_widgets":"","ocean_shortcode_after_footer_widgets":"","ocean_shortcode_before_footer_bottom":"","ocean_shortcode_after_footer_bottom":"","ocean_display_top_bar":"default","ocean_display_header":"default","ocean_header_style":"","ocean_center_header_left_menu":"0","ocean_custom_header_template":"0","ocean_custom_logo":0,"ocean_custom_retina_logo":0,"ocean_custom_logo_max_width":0,"ocean_custom_logo_tablet_max_width":0,"ocean_custom_logo_mobile_max_width":0,"ocean_custom_logo_max_height":0,"ocean_custom_logo_tablet_max_height":0,"ocean_custom_logo_mobile_max_height":0,"ocean_header_custom_menu":"0","ocean_menu_typo_font_family":"0","ocean_menu_typo_font_subset":"","ocean_menu_typo_font_size":0,"ocean_menu_typo_font_size_tablet":0,"ocean_menu_typo_font_size_mobile":0,"ocean_menu_typo_font_size_unit":"px","ocean_menu_typo_font_weight":"","ocean_menu_typo_font_weight_tablet":"","ocean_menu_typo_font_weight_mobile":"","ocean_menu_typo_transform":"","ocean_menu_typo_transform_tablet":"","ocean_menu_typo_transform_mobile":"","ocean_menu_typo_line_height":0,"ocean_menu_typo_line_height_tablet":0,"ocean_menu_typo_line_height_mobile":0,"ocean_menu_typo_line_height_unit":"","ocean_menu_typo_spacing":0,"ocean_menu_typo_spacing_tablet":0,"ocean_menu_typo_spacing_mobile":0,"ocean_menu_typo_spacing_unit":"","ocean_menu_link_color":"","ocean_menu_link_color_hover":"","ocean_menu_link_color_active":"","ocean_menu_link_background":"","ocean_menu_link_hover_background":"","ocean_menu_link_active_background":"","ocean_menu_social_links_bg":"","ocean_menu_social_hover_links_bg":"","ocean_menu_social_links_color":"","ocean_menu_social_hover_links_color":"","ocean_disable_title":"default","ocean_disable_heading":"default","ocean_post_title":"","ocean_post_subheading":"","ocean_post_title_style":"","ocean_post_title_background_color":"","ocean_post_title_background":0,"ocean_post_title_bg_image_position":"","ocean_post_title_bg_image_attachment":"","ocean_post_title_bg_image_repeat":"","ocean_post_title_bg_image_size":"","ocean_post_title_height":0,"ocean_post_title_bg_overlay":0.5,"ocean_post_title_bg_overlay_color":"","ocean_disable_breadcrumbs":"default","ocean_breadcrumbs_color":"","ocean_breadcrumbs_separator_color":"","ocean_breadcrumbs_links_color":"","ocean_breadcrumbs_links_hover_color":"","ocean_display_footer_widgets":"default","ocean_display_footer_bottom":"default","ocean_custom_footer_template":"0","footnotes":""},"class_list":["post-2486","page","type-page","status-publish","has-post-thumbnail","hentry","entry","has-media"],"acf":[],"yoast_head":"<!-- This site is optimized with the Yoast SEO plugin v27.5 - https:\/\/yoast.com\/product\/yoast-seo-wordpress\/ -->\n<title>Casa Passivhaus ML - MARTA TRIGAS<\/title>\n<meta name=\"description\" content=\"Soy Marta, arquitecta, Passivhaus designer y vivo en A Coru\u00f1a. Si quieres el m\u00e1ximo confort y el menor consumo energ\u00e9tico para tu vivienda entra a ver mis proyectos\" \/>\n<meta name=\"robots\" content=\"index, follow, max-snippet:-1, max-image-preview:large, max-video-preview:-1\" \/>\n<link rel=\"canonical\" href=\"https:\/\/martatrigas.com\/gl\/casa-passivhaus-ml-gl\/\" \/>\n<meta property=\"og:locale\" content=\"gl_ES\" \/>\n<meta property=\"og:type\" content=\"article\" \/>\n<meta property=\"og:title\" content=\"Casa Passivhaus ML - MARTA TRIGAS\" \/>\n<meta property=\"og:description\" content=\"Soy Marta, arquitecta, Passivhaus designer y vivo en A Coru\u00f1a. Si quieres el m\u00e1ximo confort y el menor consumo energ\u00e9tico para tu vivienda entra a ver mis proyectos\" \/>\n<meta property=\"og:url\" content=\"https:\/\/martatrigas.com\/gl\/casa-passivhaus-ml-gl\/\" \/>\n<meta property=\"og:site_name\" content=\"MARTA TRIGAS\" \/>\n<meta property=\"article:modified_time\" content=\"2021-02-02T19:05:41+00:00\" \/>\n<meta property=\"og:image\" content=\"https:\/\/martatrigas.com\/wp-content\/uploads\/2020\/11\/Matadepera-3.jpg\" \/>\n\t<meta property=\"og:image:width\" content=\"2000\" \/>\n\t<meta property=\"og:image:height\" content=\"1149\" \/>\n\t<meta property=\"og:image:type\" content=\"image\/jpeg\" \/>\n<meta name=\"twitter:card\" content=\"summary_large_image\" \/>\n<meta name=\"twitter:label1\" content=\"Tempo de lectura\" \/>\n\t<meta name=\"twitter:data1\" content=\"3 minutos\" \/>\n<script type=\"application\/ld+json\" class=\"yoast-schema-graph\">{\"@context\":\"https:\\\/\\\/schema.org\",\"@graph\":[{\"@type\":\"WebPage\",\"@id\":\"https:\\\/\\\/martatrigas.com\\\/casa-passivhaus-ml-gl\\\/\",\"url\":\"https:\\\/\\\/martatrigas.com\\\/casa-passivhaus-ml-gl\\\/\",\"name\":\"Casa Passivhaus ML - MARTA TRIGAS\",\"isPartOf\":{\"@id\":\"https:\\\/\\\/martatrigas.com\\\/#website\"},\"primaryImageOfPage\":{\"@id\":\"https:\\\/\\\/martatrigas.com\\\/casa-passivhaus-ml-gl\\\/#primaryimage\"},\"image\":{\"@id\":\"https:\\\/\\\/martatrigas.com\\\/casa-passivhaus-ml-gl\\\/#primaryimage\"},\"thumbnailUrl\":\"https:\\\/\\\/martatrigas.com\\\/wp-content\\\/uploads\\\/2020\\\/11\\\/Matadepera-3.jpg\",\"datePublished\":\"2021-01-11T13:47:20+00:00\",\"dateModified\":\"2021-02-02T19:05:41+00:00\",\"description\":\"Soy Marta, arquitecta, Passivhaus designer y vivo en A Coru\u00f1a. Si quieres el m\u00e1ximo confort y el menor consumo energ\u00e9tico para tu vivienda entra a ver mis proyectos\",\"breadcrumb\":{\"@id\":\"https:\\\/\\\/martatrigas.com\\\/casa-passivhaus-ml-gl\\\/#breadcrumb\"},\"inLanguage\":\"gl-ES\",\"potentialAction\":[{\"@type\":\"ReadAction\",\"target\":[\"https:\\\/\\\/martatrigas.com\\\/casa-passivhaus-ml-gl\\\/\"]}]},{\"@type\":\"ImageObject\",\"inLanguage\":\"gl-ES\",\"@id\":\"https:\\\/\\\/martatrigas.com\\\/casa-passivhaus-ml-gl\\\/#primaryimage\",\"url\":\"https:\\\/\\\/martatrigas.com\\\/wp-content\\\/uploads\\\/2020\\\/11\\\/Matadepera-3.jpg\",\"contentUrl\":\"https:\\\/\\\/martatrigas.com\\\/wp-content\\\/uploads\\\/2020\\\/11\\\/Matadepera-3.jpg\",\"width\":2000,\"height\":1149,\"caption\":\"Casa Passivhaus ML\"},{\"@type\":\"BreadcrumbList\",\"@id\":\"https:\\\/\\\/martatrigas.com\\\/casa-passivhaus-ml-gl\\\/#breadcrumb\",\"itemListElement\":[{\"@type\":\"ListItem\",\"position\":1,\"name\":\"Portada\",\"item\":\"https:\\\/\\\/martatrigas.com\\\/\"},{\"@type\":\"ListItem\",\"position\":2,\"name\":\"Casa Passivhaus ML\"}]},{\"@type\":\"WebSite\",\"@id\":\"https:\\\/\\\/martatrigas.com\\\/#website\",\"url\":\"https:\\\/\\\/martatrigas.com\\\/\",\"name\":\"MARTA TRIGAS\",\"description\":\"Tu casa cuida de ti\",\"publisher\":{\"@id\":\"https:\\\/\\\/martatrigas.com\\\/#organization\"},\"potentialAction\":[{\"@type\":\"SearchAction\",\"target\":{\"@type\":\"EntryPoint\",\"urlTemplate\":\"https:\\\/\\\/martatrigas.com\\\/?s={search_term_string}\"},\"query-input\":{\"@type\":\"PropertyValueSpecification\",\"valueRequired\":true,\"valueName\":\"search_term_string\"}}],\"inLanguage\":\"gl-ES\"},{\"@type\":\"Organization\",\"@id\":\"https:\\\/\\\/martatrigas.com\\\/#organization\",\"name\":\"MARTA TRIGAS\",\"url\":\"https:\\\/\\\/martatrigas.com\\\/\",\"logo\":{\"@type\":\"ImageObject\",\"inLanguage\":\"gl-ES\",\"@id\":\"https:\\\/\\\/martatrigas.com\\\/#\\\/schema\\\/logo\\\/image\\\/\",\"url\":\"https:\\\/\\\/martatrigas.com\\\/wp-content\\\/uploads\\\/2025\\\/04\\\/marta-trigas-svg-white-02.svg\",\"contentUrl\":\"https:\\\/\\\/martatrigas.com\\\/wp-content\\\/uploads\\\/2025\\\/04\\\/marta-trigas-svg-white-02.svg\",\"width\":547,\"height\":143,\"caption\":\"MARTA TRIGAS\"},\"image\":{\"@id\":\"https:\\\/\\\/martatrigas.com\\\/#\\\/schema\\\/logo\\\/image\\\/\"}}]}<\/script>\n<!-- \/ Yoast SEO plugin. -->","yoast_head_json":{"title":"Casa Passivhaus ML - MARTA TRIGAS","description":"Eu son Marta, un arquitecto, Passivhaus dese\u00f1o e eu vivo na Coru\u00f1a. Se quere o m\u00e1ximo de confort e o menor consumo de enerx\u00eda para a s\u00faa casa \u00e9 para ver os meus proxectos","robots":{"index":"index","follow":"follow","max-snippet":"max-snippet:-1","max-image-preview":"max-image-preview:large","max-video-preview":"max-video-preview:-1"},"canonical":"https:\/\/martatrigas.com\/gl\/casa-passivhaus-ml-gl\/","og_locale":"gl_ES","og_type":"article","og_title":"Casa Passivhaus ML - MARTA TRIGAS","og_description":"Soy Marta, arquitecta, Passivhaus designer y vivo en A Coru\u00f1a. Si quieres el m\u00e1ximo confort y el menor consumo energ\u00e9tico para tu vivienda entra a ver mis proyectos","og_url":"https:\/\/martatrigas.com\/gl\/casa-passivhaus-ml-gl\/","og_site_name":"MARTA TRIGAS","article_modified_time":"2021-02-02T19:05:41+00:00","og_image":[{"width":2000,"height":1149,"url":"https:\/\/martatrigas.com\/wp-content\/uploads\/2020\/11\/Matadepera-3.jpg","type":"image\/jpeg"}],"twitter_card":"summary_large_image","twitter_misc":{"Tempo de lectura":"3 minutos"},"schema":{"@context":"https:\/\/schema.org","@graph":[{"@type":"WebPage","@id":"https:\/\/martatrigas.com\/casa-passivhaus-ml-gl\/","url":"https:\/\/martatrigas.com\/casa-passivhaus-ml-gl\/","name":"Casa Passivhaus ML - MARTA TRIGAS","isPartOf":{"@id":"https:\/\/martatrigas.com\/#website"},"primaryImageOfPage":{"@id":"https:\/\/martatrigas.com\/casa-passivhaus-ml-gl\/#primaryimage"},"image":{"@id":"https:\/\/martatrigas.com\/casa-passivhaus-ml-gl\/#primaryimage"},"thumbnailUrl":"https:\/\/martatrigas.com\/wp-content\/uploads\/2020\/11\/Matadepera-3.jpg","datePublished":"2021-01-11T13:47:20+00:00","dateModified":"2021-02-02T19:05:41+00:00","description":"Eu son Marta, un arquitecto, Passivhaus dese\u00f1o e eu vivo na Coru\u00f1a. Se quere o m\u00e1ximo de confort e o menor consumo de enerx\u00eda para a s\u00faa casa \u00e9 para ver os meus proxectos","breadcrumb":{"@id":"https:\/\/martatrigas.com\/casa-passivhaus-ml-gl\/#breadcrumb"},"inLanguage":"gl-ES","potentialAction":[{"@type":"ReadAction","target":["https:\/\/martatrigas.com\/casa-passivhaus-ml-gl\/"]}]},{"@type":"ImageObject","inLanguage":"gl-ES","@id":"https:\/\/martatrigas.com\/casa-passivhaus-ml-gl\/#primaryimage","url":"https:\/\/martatrigas.com\/wp-content\/uploads\/2020\/11\/Matadepera-3.jpg","contentUrl":"https:\/\/martatrigas.com\/wp-content\/uploads\/2020\/11\/Matadepera-3.jpg","width":2000,"height":1149,"caption":"Casa Passivhaus ML"},{"@type":"BreadcrumbList","@id":"https:\/\/martatrigas.com\/casa-passivhaus-ml-gl\/#breadcrumb","itemListElement":[{"@type":"ListItem","position":1,"name":"Portada","item":"https:\/\/martatrigas.com\/"},{"@type":"ListItem","position":2,"name":"Casa Passivhaus ML"}]},{"@type":"WebSite","@id":"https:\/\/martatrigas.com\/#website","url":"https:\/\/martatrigas.com\/","name":"MARTA TRIGAS","description":"A s\u00faa casa coida de ti","publisher":{"@id":"https:\/\/martatrigas.com\/#organization"},"potentialAction":[{"@type":"SearchAction","target":{"@type":"EntryPoint","urlTemplate":"https:\/\/martatrigas.com\/?s={search_term_string}"},"query-input":{"@type":"PropertyValueSpecification","valueRequired":true,"valueName":"search_term_string"}}],"inLanguage":"gl-ES"},{"@type":"Organization","@id":"https:\/\/martatrigas.com\/#organization","name":"MARTA TRIGAS","url":"https:\/\/martatrigas.com\/","logo":{"@type":"ImageObject","inLanguage":"gl-ES","@id":"https:\/\/martatrigas.com\/#\/schema\/logo\/image\/","url":"https:\/\/martatrigas.com\/wp-content\/uploads\/2025\/04\/marta-trigas-svg-white-02.svg","contentUrl":"https:\/\/martatrigas.com\/wp-content\/uploads\/2025\/04\/marta-trigas-svg-white-02.svg","width":547,"height":143,"caption":"MARTA TRIGAS"},"image":{"@id":"https:\/\/martatrigas.com\/#\/schema\/logo\/image\/"}}]}},"_links":{"self":[{"href":"https:\/\/martatrigas.com\/gl\/wp-json\/wp\/v2\/pages\/2486","targetHints":{"allow":["GET"]}}],"collection":[{"href":"https:\/\/martatrigas.com\/gl\/wp-json\/wp\/v2\/pages"}],"about":[{"href":"https:\/\/martatrigas.com\/gl\/wp-json\/wp\/v2\/types\/page"}],"author":[{"embeddable":true,"href":"https:\/\/martatrigas.com\/gl\/wp-json\/wp\/v2\/users\/1"}],"replies":[{"embeddable":true,"href":"https:\/\/martatrigas.com\/gl\/wp-json\/wp\/v2\/comments?post=2486"}],"version-history":[{"count":19,"href":"https:\/\/martatrigas.com\/gl\/wp-json\/wp\/v2\/pages\/2486\/revisions"}],"predecessor-version":[{"id":3114,"href":"https:\/\/martatrigas.com\/gl\/wp-json\/wp\/v2\/pages\/2486\/revisions\/3114"}],"wp:featuredmedia":[{"embeddable":true,"href":"https:\/\/martatrigas.com\/gl\/wp-json\/wp\/v2\/media\/2072"}],"wp:attachment":[{"href":"https:\/\/martatrigas.com\/gl\/wp-json\/wp\/v2\/media?parent=2486"}],"curies":[{"name":"wp","href":"https:\/\/api.w.org\/{rel}","templated":true}]}}